{"id":14,"date":"2024-04-30T15:01:46","date_gmt":"2024-04-30T15:01:46","guid":{"rendered":"https:\/\/proouteiro.com\/wpampo_novosite\/?page_id=14"},"modified":"2024-12-05T18:17:01","modified_gmt":"2024-12-05T18:17:01","slug":"sobre","status":"publish","type":"page","link":"https:\/\/proouteiro.com\/wpampo\/sobre\/","title":{"rendered":"Sobre"},"content":{"rendered":"\t\t<div data-elementor-type=\"wp-page\" data-elementor-id=\"14\" class=\"elementor elementor-14\" data-elementor-post-type=\"page\">\n\t\t\t\t<div class=\"elementor-element elementor-element-446b7bd e-flex e-con-boxed e-con e-parent\" data-id=\"446b7bd\" data-element_type=\"container\">\n\t\t\t\t\t<div class=\"e-con-inner\">\n\t\t\t\t<div class=\"elementor-element elementor-element-d1babc8 elementor-widget elementor-widget-text-editor\" data-id=\"d1babc8\" data-element_type=\"widget\" data-widget_type=\"text-editor.default\">\n\t\t\t\t<div class=\"elementor-widget-container\">\n\t\t\t\t\t\t\t<p>A Associa\u00e7\u00e3o de Melhoramentos<strong>\u00a0Pr\u00f3-Outeiro<\/strong>\u00a0foi constitu\u00edda a\u00a0<span id=\"DescriptionDetailsControl_RepeaterFields_ctl06_DynamicFieldControlValue_SimpleDynamicField1_TextFieldControl1_spanText\" class=\"Value highlightable\"><a href=\"https:\/\/proouteiro.com\/wpampo\/wp-content\/uploads\/2021\/06\/Associacao-desde-1983.pdf\" target=\"_blank\" rel=\"noopener\">21 de novembro de 1983<\/a>\u00a0e registada como institui\u00e7\u00e3o particular de solidariedade social (IPSS) a\u00a0<a href=\"https:\/\/proouteiro.com\/wpampo\/wp-content\/uploads\/2021\/06\/IPSS-1986.pdf\" target=\"_blank\" rel=\"noopener\">16 de outubro de 1986<\/a>. As respostas sociais que d\u00e1 incluem o servi\u00e7o de apoio domicili\u00e1rio, centro de dia e lar residencial para pessoas idosas. Estas s\u00e3o as respostas sociais que fazem parte da\u00a0carta social, de acordo com os protocolos acordados com a seguran\u00e7a social.<br \/><\/span><\/p><p>A Pr\u00f3-Outeiro \u00e9 uma institui\u00e7\u00e3o particular de Solidariedade Social (IPSS) que contribui para uma sociedade solid\u00e1ria.<\/p>\t\t\t\t\t\t<\/div>\n\t\t\t\t<\/div>\n\t\t\t\t\t<\/div>\n\t\t\t\t<\/div>\n\t\t<div class=\"elementor-element elementor-element-a7e187b e-flex e-con-boxed e-con e-parent\" data-id=\"a7e187b\" data-element_type=\"container\">\n\t\t\t\t\t<div class=\"e-con-inner\">\n\t\t\t\t<div class=\"elementor-element elementor-element-c10f8b3 elementor-widget-divider--view-line elementor-widget elementor-widget-divider\" data-id=\"c10f8b3\" data-element_type=\"widget\" data-widget_type=\"divider.default\">\n\t\t\t\t<div class=\"elementor-widget-container\">\n\t\t\t\t\t<div class=\"elementor-divider\">\n\t\t\t<span class=\"elementor-divider-separator\">\n\t\t\t\t\t\t<\/span>\n\t\t<\/div>\n\t\t\t\t<\/div>\n\t\t\t\t<\/div>\n\t\t\t\t<div class=\"elementor-element elementor-element-f8e4233 elementor-widget elementor-widget-image\" data-id=\"f8e4233\" data-element_type=\"widget\" data-widget_type=\"image.default\">\n\t\t\t\t<div class=\"elementor-widget-container\">\n\t\t\t\t\t\t\t\t\t\t\t\t\t<img fetchpriority=\"high\" decoding=\"async\" width=\"1725\" height=\"791\" src=\"https:\/\/proouteiro.com\/wpampo\/wp-content\/uploads\/2024\/06\/local.png\" class=\"attachment-full size-full wp-image-468\" alt=\"\" srcset=\"https:\/\/proouteiro.com\/wpampo\/wp-content\/uploads\/2024\/06\/local.png 1725w, https:\/\/proouteiro.com\/wpampo\/wp-content\/uploads\/2024\/06\/local-300x138.png 300w, https:\/\/proouteiro.com\/wpampo\/wp-content\/uploads\/2024\/06\/local-1024x470.png 1024w, https:\/\/proouteiro.com\/wpampo\/wp-content\/uploads\/2024\/06\/local-768x352.png 768w, https:\/\/proouteiro.com\/wpampo\/wp-content\/uploads\/2024\/06\/local-1536x704.png 1536w, https:\/\/proouteiro.com\/wpampo\/wp-content\/uploads\/2024\/06\/local-1320x605.png 1320w\" sizes=\"(max-width: 1725px) 100vw, 1725px\" \/>\t\t\t\t\t\t\t\t\t\t\t\t\t<\/div>\n\t\t\t\t<\/div>\n\t\t\t\t<div class=\"elementor-element elementor-element-e0f40cd elementor-widget-divider--view-line elementor-widget elementor-widget-divider\" data-id=\"e0f40cd\" data-element_type=\"widget\" data-widget_type=\"divider.default\">\n\t\t\t\t<div class=\"elementor-widget-container\">\n\t\t\t\t\t<div class=\"elementor-divider\">\n\t\t\t<span class=\"elementor-divider-separator\">\n\t\t\t\t\t\t<\/span>\n\t\t<\/div>\n\t\t\t\t<\/div>\n\t\t\t\t<\/div>\n\t\t\t\t<div class=\"elementor-element elementor-element-af6320a elementor-widget elementor-widget-heading\" data-id=\"af6320a\" data-element_type=\"widget\" data-widget_type=\"heading.default\">\n\t\t\t\t<div class=\"elementor-widget-container\">\n\t\t\t<h2 class=\"elementor-heading-title elementor-size-default\">\u00d3RG\u00c3OS ESTATUT\u00c1RIOS<\/h2>\t\t<\/div>\n\t\t\t\t<\/div>\n\t\t\t\t\t<\/div>\n\t\t\t\t<\/div>\n\t\t<div class=\"elementor-element elementor-element-55c37c2 e-grid e-con-boxed e-con e-parent\" data-id=\"55c37c2\" data-element_type=\"container\">\n\t\t\t\t\t<div class=\"e-con-inner\">\n\t\t\t\t<div class=\"elementor-element elementor-element-f286976 elementor-widget elementor-widget-text-editor\" data-id=\"f286976\" data-element_type=\"widget\" data-widget_type=\"text-editor.default\">\n\t\t\t\t<div class=\"elementor-widget-container\">\n\t\t\t\t\t\t\t<p><b><i>ASSEMBLEIA GERAL: Compet\u00eancias<\/i><\/b><\/p><ul><li>Definir as linhas de atua\u00e7\u00e3o da associa\u00e7\u00e3o;<\/li><li>Eleger e destituir os membros da mesa, da dire\u00e7\u00e3o e do conselho fiscal;<\/li><li>Votar o or\u00e7amento, programa de a\u00e7\u00e3o e relat\u00f3rio anuais;<\/li><li>Decidir sobre a aquisi\u00e7\u00e3o e aliena\u00e7\u00e3o de bens;<\/li><li>Alterar estatutos e deliberar sobre extin\u00e7\u00e3o, cis\u00e3o ou fus\u00e3o;<\/li><li>Aceitar integra\u00e7\u00e3o de institui\u00e7\u00f5es e bens;<\/li><li>Autorizar a\u00e7\u00e3o legal contra membros dos corpos gerentes;<\/li><li>Aprovar ades\u00e3o a uni\u00f5es, federa\u00e7\u00f5es ou confedera\u00e7\u00f5es.<\/li><\/ul><div>\u00a0<\/div><div><span style=\"color: #666666; font-family: Lato, sans-serif; font-style: italic;\">Presidente:\u00a0<\/span><span style=\"border: 0px; font-variant-numeric: inherit; font-variant-east-asian: inherit; font-variant-alternates: inherit; font-variant-position: inherit; font-stretch: inherit; line-height: inherit; font-family: Lato, sans-serif; font-optical-sizing: inherit; font-kerning: inherit; font-feature-settings: inherit; font-variation-settings: inherit; margin: 0px; outline: 0px; padding: 0px; vertical-align: baseline; color: #666666;\">Eduardo Valente<\/span><\/div>\t\t\t\t\t\t<\/div>\n\t\t\t\t<\/div>\n\t\t\t\t<div class=\"elementor-element elementor-element-c14b215 elementor-widget elementor-widget-text-editor\" data-id=\"c14b215\" data-element_type=\"widget\" data-widget_type=\"text-editor.default\">\n\t\t\t\t<div class=\"elementor-widget-container\">\n\t\t\t\t\t\t\t<p><strong>DIRE\u00c7\u00c3O: Responsabilidades<\/strong><\/p>\n<ul>\n<li>Garantir os direitos dos benefici\u00e1rios;<\/li>\n<li>Elaborar e submeter relat\u00f3rios anuais e or\u00e7amentos ao \u00f3rg\u00e3o de fiscaliza\u00e7\u00e3o;<\/li>\n<li>Organizar e supervisionar os servi\u00e7os e a escritura\u00e7\u00e3o dos livros;<\/li>\n<li>Gerir o pessoal e organizar o quadro de funcion\u00e1rios;<\/li>\n<li>Representar a associa\u00e7\u00e3o judicial e extrajudicialmente;<\/li>\n<li>Assegurar o cumprimento da lei, estatutos e delibera\u00e7\u00f5es.<\/li>\n<\/ul>\n<div>\n<p><em>&nbsp;<\/em><\/p>\n<p><em>&nbsp;<\/em><\/p>\n<p><em>&nbsp;<\/em><em style=\"font-family: var( --e-global-typography-text-font-family ), Sans-serif; font-weight: var( --e-global-typography-text-font-weight ); text-align: var(--text-align); background-color: var(--bs-body-bg); font-size: var(--bs-body-font-size);\">Presidente: Diamantino Nunes<\/em><\/p>\n<p><\/p>\n<\/div>\t\t\t\t\t\t<\/div>\n\t\t\t\t<\/div>\n\t\t\t\t<div class=\"elementor-element elementor-element-5432852 elementor-widget elementor-widget-text-editor\" data-id=\"5432852\" data-element_type=\"widget\" data-widget_type=\"text-editor.default\">\n\t\t\t\t<div class=\"elementor-widget-container\">\n\t\t\t\t\t\t\t<p><strong>CONSELHO FISCAL: Responsabilidades<\/strong><\/p><ul><li>Fiscalizar a escritura\u00e7\u00e3o e documentos da institui\u00e7\u00e3o conforme necess\u00e1rio;<\/li><li>Comparecer ou ser representado em reuni\u00f5es executivas, quando julgar apropriado;<\/li><li>Emitir parecer sobre relat\u00f3rios, contas, or\u00e7amentos e outros assuntos submetidos pela dire\u00e7\u00e3o;<\/li><li>Solicitar \u00e0 dire\u00e7\u00e3o informa\u00e7\u00f5es adicionais para o desempenho de suas fun\u00e7\u00f5es;<\/li><li>Propor reuni\u00f5es extraordin\u00e1rias para discuss\u00e3o de assuntos relevantes com qualquer \u00f3rg\u00e3o.<\/li><\/ul><div>\u00a0<\/div><div>\u00a0<\/div><div>Presidente: J. Mesquita<\/div>\t\t\t\t\t\t<\/div>\n\t\t\t\t<\/div>\n\t\t\t\t\t<\/div>\n\t\t\t\t<\/div>\n\t\t\t\t<\/div>\n\t\t","protected":false},"excerpt":{"rendered":"<p>A Associa\u00e7\u00e3o de Melhoramentos\u00a0Pr\u00f3-Outeiro\u00a0foi constitu\u00edda a\u00a021 de novembro de 1983\u00a0e registada como institui\u00e7\u00e3o particular de solidariedade social (IPSS) a\u00a016 de outubro de 1986. As respostas sociais que d\u00e1 incluem o servi\u00e7o de apoio domicili\u00e1rio, centro de dia e lar residencial para pessoas idosas. Estas s\u00e3o as respostas sociais que fazem parte da\u00a0carta social, de acordo [&hellip;]<\/p>\n","protected":false},"author":3,"featured_media":0,"parent":0,"menu_order":0,"comment_status":"closed","ping_status":"closed","template":"","meta":{"footnotes":""},"class_list":["post-14","page","type-page","status-publish","hentry"],"_links":{"self":[{"href":"https:\/\/proouteiro.com\/wpampo\/wp-json\/wp\/v2\/pages\/14","targetHints":{"allow":["GET"]}}],"collection":[{"href":"https:\/\/proouteiro.com\/wpampo\/wp-json\/wp\/v2\/pages"}],"about":[{"href":"https:\/\/proouteiro.com\/wpampo\/wp-json\/wp\/v2\/types\/page"}],"author":[{"embeddable":true,"href":"https:\/\/proouteiro.com\/wpampo\/wp-json\/wp\/v2\/users\/3"}],"replies":[{"embeddable":true,"href":"https:\/\/proouteiro.com\/wpampo\/wp-json\/wp\/v2\/comments?post=14"}],"version-history":[{"count":55,"href":"https:\/\/proouteiro.com\/wpampo\/wp-json\/wp\/v2\/pages\/14\/revisions"}],"predecessor-version":[{"id":1211,"href":"https:\/\/proouteiro.com\/wpampo\/wp-json\/wp\/v2\/pages\/14\/revisions\/1211"}],"wp:attachment":[{"href":"https:\/\/proouteiro.com\/wpampo\/wp-json\/wp\/v2\/media?parent=14"}],"curies":[{"name":"wp","href":"https:\/\/api.w.org\/{rel}","templated":true}]}}